{"id":273,"date":"2017-04-24T15:19:38","date_gmt":"2017-04-24T13:19:38","guid":{"rendered":"http:\/\/ww2.ville-blanzat.fr\/?page_id=273"},"modified":"2024-10-28T13:02:31","modified_gmt":"2024-10-28T12:02:31","slug":"mediatheque","status":"publish","type":"page","link":"https:\/\/www.ville-blanzat.fr\/index.php\/mediatheque\/","title":{"rendered":"LA MEDIATHEQUE AIM\u00c9 C\u00c9SAIRE"},"content":{"rendered":"<div id=\"metaslider-id-8564\" style=\"width: 100%; margin: 0 auto;\" class=\"ml-slider-3-108-0 metaslider metaslider-flex metaslider-8564 ml-slider has-carousel-mode ms-theme-default nav-hidden\" role=\"region\" aria-label=\"M\u00e9diath\u00e8que\" data-height=\"300\" data-width=\"700\">\n    <div id=\"metaslider_container_8564\">\n        <div id=\"metaslider_8564\">\n            <ul class='slides'>\n                <li style=\"display: none; width: 100%;\" class=\"slide-8569 ms-image \" aria-roledescription=\"slide\" data-date=\"2024-04-26 16:18:56\" data-filename=\"MG_3805-1024x683-1-700x300.jpg\" data-slide-type=\"image\"><img fetchpriority=\"high\" decoding=\"async\" src=\"https:\/\/www.ville-blanzat.fr\/wp-content\/uploads\/2024\/04\/MG_3805-1024x683-1-700x300.jpg\" height=\"300\" width=\"700\" alt=\"\" class=\"slider-8564 slide-8569 msDefaultImage\" \/><\/li>\n                <li style=\"display: none; width: 100%;\" class=\"slide-8570 ms-image \" aria-roledescription=\"slide\" data-date=\"2024-04-26 16:18:59\" data-filename=\"MG_9220-1024x679-1-700x300.jpg\" data-slide-type=\"image\"><img decoding=\"async\" src=\"https:\/\/www.ville-blanzat.fr\/wp-content\/uploads\/2024\/04\/MG_9220-1024x679-1-700x300.jpg\" height=\"300\" width=\"700\" alt=\"\" class=\"slider-8564 slide-8570 msDefaultImage\" \/><\/li>\n                <li style=\"display: none; width: 100%;\" class=\"slide-8571 ms-image \" aria-roledescription=\"slide\" data-date=\"2024-04-26 16:19:00\" data-filename=\"MG_9235-1024x683-1-700x300.jpg\" data-slide-type=\"image\"><img decoding=\"async\" src=\"https:\/\/www.ville-blanzat.fr\/wp-content\/uploads\/2024\/04\/MG_9235-1024x683-1-700x300.jpg\" height=\"300\" width=\"700\" alt=\"\" class=\"slider-8564 slide-8571 msDefaultImage\" \/><\/li>\n                <li style=\"display: none; width: 100%;\" class=\"slide-8572 ms-image \" aria-roledescription=\"slide\" data-date=\"2024-04-26 16:19:03\" data-filename=\"MG_9278-1024x683-1-700x300.jpg\" data-slide-type=\"image\"><img loading=\"lazy\" decoding=\"async\" src=\"https:\/\/www.ville-blanzat.fr\/wp-content\/uploads\/2024\/04\/MG_9278-1024x683-1-700x300.jpg\" height=\"300\" width=\"700\" alt=\"\" class=\"slider-8564 slide-8572 msDefaultImage\" \/><\/li>\n            <\/ul>\n        <\/div>\n        \n    <\/div>\n<\/div>\n\n\n\n<div style=\"height:100px\" aria-hidden=\"true\" class=\"wp-block-spacer\"><\/div>\n\n\n\n<h2 class=\"wp-block-heading has-text-align-center animated fadeIn delay-500ms\">M\u00e9diath\u00e8que Aim\u00e9 C\u00e9saire &#8211; R\u00e9seau des m\u00e9diath\u00e8ques de Clermont Auvergne<\/h2>\n\n\n\n<p>Ouverte en 2013, la m\u00e9diath\u00e8que Aim\u00e9-C\u00e9saire, dans un espace clair et a\u00e9r\u00e9, a \u00e9t\u00e9 pens\u00e9e et am\u00e9nag\u00e9e comme un point de rencontres et de convivialit\u00e9. La m\u00e9diath\u00e8que vous propose des collections destin\u00e9es \u00e0 tous, et d\u00e9clin\u00e9es dans 3 p\u00f4les : enfance, fiction et documentaires. Elle offre \u00e9galement de nombreux services : num\u00e9riques, postes informatiques, animations, ateliers, rencontres et lectures, espace presse.<\/p>\n\n\n\n<p>Retrouvez toutes les animations propos\u00e9es par vos m\u00e9diath\u00e8ques dans l\u2019agenda trimestriel, \u00e9galement disponible en ligne sur le site <a href=\"https:\/\/www.bibliotheques-clermontmetropole.eu\/iguana\/www.main.cls?surl=AGENDA_Tout%20lagenda\" title=\"\">bibliotheques-clermontmetropole.eu<\/a><\/p>\n\n\n\n<h4 class=\"wp-block-heading animated fadeInLeft\"><strong>Les conditions d\u2019inscription<\/strong><\/h4>\n\n\n\n<p>L&rsquo;acc\u00e8s \u00e0 la m\u00e9diath\u00e8que est libre et gratuit. <\/p>\n\n\n\n<p>Pour emprunter des documents, il est n\u00e9cessaire de s\u2019inscrire dans l\u2019une des m\u00e9diath\u00e8ques du r\u00e9seau de Clermont Auvergne M\u00e9tropole.<\/p>\n\n\n\n<p>Un abonnement \u00ab\u00a0d\u00e9couverte\u00a0\u00bb, d\u2019une dur\u00e9e de 3 mois, est possible en ligne ou sur place.<\/p>\n\n\n\n<p>Documents et renseignements disponibles sur notre site internet\u00a0: <a href=\"https:\/\/www.bibliotheques-clermontmetropole.eu\/iguana\/www.main.cls?p=*&amp;v=1c07b36a-9f96-4510-b37e-87322aacdc8a\" title=\"\">bibliotheques-clermontmetropole.eu<\/a><\/p>\n\n\n\n<h4 class=\"wp-block-heading animated fadeInLeft\"><strong>Pi\u00e8ces justificatives n\u00e9cessaires \u00e0 l\u2019inscription<\/strong><\/h4>\n\n\n\n<ul class=\"wp-block-list\">\n<li>Justificatif de domicile de moins de 3 mois (quittance loyer, facture EDF ou de t\u00e9l\u00e9phone\u2026) pour b\u00e9n\u00e9ficier de la gratuit\u00e9 ou des tarifs r\u00e9duits,<\/li>\n<\/ul>\n\n\n\n<ul class=\"wp-block-list\">\n<li>Une autorisation parentale pour les mineurs.<\/li>\n<\/ul>\n\n\n\n<h4 class=\"wp-block-heading animated fadeInLeft delay-1s\"><strong>Modalit\u00e9s de pr\u00eat<\/strong> (communes \u00e0 l&rsquo;ensemble du r\u00e9seau des biblioth\u00e8ques m\u00e9tropolitaines)<\/h4>\n\n\n\n<p>Les m\u00e9diath\u00e8ques vous proposent des livres, revues, CD, DVD,&nbsp; ainsi que des ressources en ligne (presse, musique, films et cours interactifs).&nbsp;<\/p>\n\n\n\n<p>Les pr\u00eats sont<strong> illimit\u00e9s<\/strong> pour tous les supports, except\u00e9 les liseuses \u00e9lectroniques (limit\u00e9es \u00e0 une par carte).<\/p>\n\n\n\n<p>La dur\u00e9e de pr\u00eat des documents est de 4 semaines, le pr\u00eat est renouvelable une fois &#8211; except\u00e9 pour les documents r\u00e9serv\u00e9s.<\/p>\n\n\n\n<p>Le nombre maximum de <strong>r\u00e9servations<\/strong> en cours par carte d\u2019emprunteur est limit\u00e9 \u00e0<strong> 15 documents<\/strong>.<\/p>\n\n\n\n<p>Le dernier num\u00e9ro des journaux et magazines est exclu du pr\u00eat.<\/p>\n\n\n\n<h4 class=\"wp-block-heading animated fadeInLeft\"><strong>Tarifs<\/strong><\/h4>\n\n\n\n<p class=\"animated fadeIn\"><strong>Vous \u00eates un particulier :<\/strong><\/p>\n\n\n\n<figure class=\"wp-block-table is-style-stripes\"><table><tbody><tr><td class=\"has-text-align-center\" data-align=\"center\"><strong>GRATUIT (sans condition de r\u00e9sidence)<\/strong><\/td><td>&#8211; Les jeunes de moins de 18 ans<br>&#8211; B\u00e9n\u00e9ficiaires des minimas sociaux<br>&#8211; Personnes en situation de handicap et leurs accompagnateurs<br>&#8211; Demandeurs d\u2019emploi ou dans un dispositif d\u2019insertion (Mission locale, Service civique&#8230;)<br>&#8211; Demandeurs d\u2019asile ou r\u00e9fugi\u00e9s<br>&#8211; D\u00e9tenteurs du pass Culture, du pass R\u00e9gion ou de la carte Cit\u00e9jeune<br>&#8211; Apprentis, lyc\u00e9ens et \u00e9tudiants<br>&#8211; Personnels des biblioth\u00e8ques m\u00e9tropolitaines<br>&#8211; Personnes titulaire d\u2019une carte en cours de validit\u00e9 de la Biblioth\u00e8que de l&rsquo;Universit\u00e9 Clermont Auvergne<br>&#8211; Offre d\u00e9couverte (carte valable 3 mois)<br>&#8211; Inscription pour la seule consultation et l\u2019utilisation des postes informatiques<br>&#8211; Consultation sur place de certains documents de la Biblioth\u00e8que du Patrimoine<\/td><\/tr><\/tbody><\/table><\/figure>\n\n\n\n<figure class=\"wp-block-table is-style-stripes\"><table><tbody><tr><td class=\"has-text-align-center\" data-align=\"center\"><strong>PAYANT<\/strong><\/td><td><strong>Tarif r\u00e9duit &#8211; 10 \u20ac<\/strong> : les adultes de 18 ans et plus, r\u00e9sidant ou travaillant dans la M\u00e9tropole<br><strong>Tarif plein &#8211; 30 \u20ac<\/strong> : les adultes de 18 ans et plus, hors M\u00e9tropole<\/td><\/tr><\/tbody><\/table><\/figure>\n\n\n\n<h4 class=\"wp-block-heading\"><mark style=\"background-color:rgba(0, 0, 0, 0);color:#ff0000\" class=\"has-inline-color\"><\/mark><mark style=\"background-color:rgba(0, 0, 0, 0);color:#ff0000\" class=\"has-inline-color\"><\/mark><\/h4>\n\n\n\n<p><strong>Vous \u00eates une collectivit\u00e9 :<\/strong><\/p>\n\n\n\n<p>Renseignez-vous aupr\u00e8s des biblioth\u00e9caires ou sur le site internet\u00a0: <a href=\"https:\/\/www.bibliotheques-clermontmetropole.eu\/iguana\/www.main.cls?surl=INFOS%20PRATIQUES_Sinscrire%20et%20emprunter\" title=\"\">bibliotheques-clermontmetropole.eu<\/a><\/p>\n\n\n\n<hr class=\"wp-block-separator has-alpha-channel-opacity\"\/>\n\n\n\n<h4 class=\"wp-block-heading animated fadeInLeft\">Coordonn\u00e9es<\/h4>\n\n\n\n<p><strong>Adresse<\/strong>: 81 rue des jonquilles &#8211; 63112 Blanzat<\/p>\n\n\n\n<p><strong>T\u00e9l\u00e9phone<\/strong>: 04 43 762 762 (num\u00e9ro unique)<\/p>\n\n\n\n<p><strong>E-mail:<\/strong> <a href=\"mailto:bibliotheque.blanzat@clermontmetropole.eu\">bibliotheque.blanzat@clermontmetropole.eu<\/a><\/p>\n\n\n\n<p><strong>Site internet:<\/strong> <a href=\"https:\/\/www.bibliotheques-clermontmetropole.eu\/iguana\/www.main.cls?surl=INFOS%20PRATIQUES_M%C3%A9diath%C3%A8que%20Aim%C3%A9-C%C3%A9saire%20(Blanzat)\">M\u00e9diath\u00e8que Aim\u00e9-C\u00e9saire (Blanzat) (bibliotheques-clermontmetropole.eu)<\/a><\/p>\n\n\n\n<p><strong>Acc\u00e8s T2C :<\/strong> arr\u00eat Fradi\u00e8re \/ ligne 24<\/p>\n","protected":false},"excerpt":{"rendered":"<p>M\u00e9diath\u00e8que Aim\u00e9 C\u00e9saire &#8211; R\u00e9seau des m\u00e9diath\u00e8ques de Clermont Auvergne Ouverte en 2013, la m\u00e9diath\u00e8que Aim\u00e9-C\u00e9saire, dans un espace clair et a\u00e9r\u00e9, a \u00e9t\u00e9 pens\u00e9e et am\u00e9nag\u00e9e comme un point de rencontres et de convivialit\u00e9. La m\u00e9diath\u00e8que vous propose des collections destin\u00e9es \u00e0 tous, et d\u00e9clin\u00e9es dans 3 p\u00f4les : &hellip;<\/p>\n","protected":false},"author":1,"featured_media":1439,"parent":0,"menu_order":0,"comment_status":"closed","ping_status":"closed","template":"","meta":{"footnotes":""},"class_list":["post-273","page","type-page","status-publish","has-post-thumbnail","hentry"],"aioseo_notices":[],"aioseo_head":"\n\t\t<!-- All in One SEO 5.0.0.1 - aioseo.com -->\n\t<meta name=\"description\" content=\"M\u00e9diath\u00e8que Aim\u00e9 C\u00e9saire - R\u00e9seau des m\u00e9diath\u00e8ques de Clermont Auvergne Ouverte en 2013, la m\u00e9diath\u00e8que Aim\u00e9-C\u00e9saire, dans un espace clair et a\u00e9r\u00e9, a \u00e9t\u00e9 pens\u00e9e et am\u00e9nag\u00e9e comme un point de rencontres et de convivialit\u00e9. La m\u00e9diath\u00e8que vous propose des collections destin\u00e9es \u00e0 tous, et d\u00e9clin\u00e9es dans 3 p\u00f4les : enfance, fiction et documentaires. Elle\" \/>\n\t<meta name=\"robots\" content=\"max-image-preview:large\" \/>\n\t<link rel=\"canonical\" href=\"https:\/\/www.ville-blanzat.fr\/index.php\/mediatheque\/\" \/>\n\t<meta name=\"generator\" content=\"All in One SEO (AIOSEO) 5.0.0.1\" \/>\n\t\t<meta property=\"og:locale\" content=\"fr_FR\" \/>\n\t\t<meta property=\"og:site_name\" content=\"-\" \/>\n\t\t<meta property=\"og:type\" content=\"article\" \/>\n\t\t<meta property=\"og:title\" content=\"LA MEDIATHEQUE AIM\u00c9 C\u00c9SAIRE -\" \/>\n\t\t<meta property=\"og:description\" content=\"M\u00e9diath\u00e8que Aim\u00e9 C\u00e9saire - R\u00e9seau des m\u00e9diath\u00e8ques de Clermont Auvergne Ouverte en 2013, la m\u00e9diath\u00e8que Aim\u00e9-C\u00e9saire, dans un espace clair et a\u00e9r\u00e9, a \u00e9t\u00e9 pens\u00e9e et am\u00e9nag\u00e9e comme un point de rencontres et de convivialit\u00e9. La m\u00e9diath\u00e8que vous propose des collections destin\u00e9es \u00e0 tous, et d\u00e9clin\u00e9es dans 3 p\u00f4les : enfance, fiction et documentaires. Elle\" \/>\n\t\t<meta property=\"og:url\" content=\"https:\/\/www.ville-blanzat.fr\/index.php\/mediatheque\/\" \/>\n\t\t<meta property=\"og:image\" content=\"https:\/\/www.ville-blanzat.fr\/wp-content\/uploads\/2024\/04\/cropped-blanzat_long_gauche.jpg\" \/>\n\t\t<meta property=\"og:image:secure_url\" content=\"https:\/\/www.ville-blanzat.fr\/wp-content\/uploads\/2024\/04\/cropped-blanzat_long_gauche.jpg\" \/>\n\t\t<meta property=\"og:image:width\" content=\"800\" \/>\n\t\t<meta property=\"og:image:height\" content=\"226\" \/>\n\t\t<meta property=\"article:published_time\" content=\"2017-04-24T13:19:38+00:00\" \/>\n\t\t<meta property=\"article:modified_time\" content=\"2024-10-28T12:02:31+00:00\" \/>\n\t\t<meta name=\"twitter:card\" content=\"summary_large_image\" \/>\n\t\t<meta name=\"twitter:title\" content=\"LA MEDIATHEQUE AIM\u00c9 C\u00c9SAIRE -\" \/>\n\t\t<meta name=\"twitter:description\" content=\"M\u00e9diath\u00e8que Aim\u00e9 C\u00e9saire - R\u00e9seau des m\u00e9diath\u00e8ques de Clermont Auvergne Ouverte en 2013, la m\u00e9diath\u00e8que Aim\u00e9-C\u00e9saire, dans un espace clair et a\u00e9r\u00e9, a \u00e9t\u00e9 pens\u00e9e et am\u00e9nag\u00e9e comme un point de rencontres et de convivialit\u00e9. La m\u00e9diath\u00e8que vous propose des collections destin\u00e9es \u00e0 tous, et d\u00e9clin\u00e9es dans 3 p\u00f4les : enfance, fiction et documentaires. Elle\" \/>\n\t\t<meta name=\"twitter:image\" content=\"https:\/\/www.ville-blanzat.fr\/wp-content\/uploads\/2024\/04\/cropped-blanzat_long_gauche.jpg\" \/>\n\t\t<script type=\"application\/ld+json\" class=\"aioseo-schema\">\n\t\t\t{\"@context\":\"https:\\\/\\\/schema.org\",\"@graph\":[{\"@type\":\"BreadcrumbList\",\"@id\":\"https:\\\/\\\/www.ville-blanzat.fr\\\/index.php\\\/mediatheque\\\/#breadcrumblist\",\"itemListElement\":[{\"@type\":\"ListItem\",\"@id\":\"https:\\\/\\\/www.ville-blanzat.fr#listItem\",\"position\":1,\"name\":\"Home\",\"item\":\"https:\\\/\\\/www.ville-blanzat.fr\",\"nextItem\":{\"@type\":\"ListItem\",\"@id\":\"https:\\\/\\\/www.ville-blanzat.fr\\\/index.php\\\/mediatheque\\\/#listItem\",\"name\":\"LA MEDIATHEQUE AIM\\u00c9 C\\u00c9SAIRE\"}},{\"@type\":\"ListItem\",\"@id\":\"https:\\\/\\\/www.ville-blanzat.fr\\\/index.php\\\/mediatheque\\\/#listItem\",\"position\":2,\"name\":\"LA MEDIATHEQUE AIM\\u00c9 C\\u00c9SAIRE\",\"previousItem\":{\"@type\":\"ListItem\",\"@id\":\"https:\\\/\\\/www.ville-blanzat.fr#listItem\",\"name\":\"Home\"}}]},{\"@type\":\"Organization\",\"@id\":\"https:\\\/\\\/www.ville-blanzat.fr\\\/#organization\",\"url\":\"https:\\\/\\\/www.ville-blanzat.fr\\\/\",\"logo\":{\"@type\":\"ImageObject\",\"url\":\"https:\\\/\\\/www.ville-blanzat.fr\\\/wp-content\\\/uploads\\\/2024\\\/04\\\/cropped-blanzat_long_gauche.jpg\",\"@id\":\"https:\\\/\\\/www.ville-blanzat.fr\\\/index.php\\\/mediatheque\\\/#organizationLogo\",\"width\":800,\"height\":226},\"image\":{\"@id\":\"https:\\\/\\\/www.ville-blanzat.fr\\\/index.php\\\/mediatheque\\\/#organizationLogo\"}},{\"@type\":\"WebPage\",\"@id\":\"https:\\\/\\\/www.ville-blanzat.fr\\\/index.php\\\/mediatheque\\\/#webpage\",\"url\":\"https:\\\/\\\/www.ville-blanzat.fr\\\/index.php\\\/mediatheque\\\/\",\"name\":\"LA MEDIATHEQUE AIM\\u00c9 C\\u00c9SAIRE -\",\"description\":\"M\\u00e9diath\\u00e8que Aim\\u00e9 C\\u00e9saire - R\\u00e9seau des m\\u00e9diath\\u00e8ques de Clermont Auvergne Ouverte en 2013, la m\\u00e9diath\\u00e8que Aim\\u00e9-C\\u00e9saire, dans un espace clair et a\\u00e9r\\u00e9, a \\u00e9t\\u00e9 pens\\u00e9e et am\\u00e9nag\\u00e9e comme un point de rencontres et de convivialit\\u00e9. La m\\u00e9diath\\u00e8que vous propose des collections destin\\u00e9es \\u00e0 tous, et d\\u00e9clin\\u00e9es dans 3 p\\u00f4les : enfance, fiction et documentaires. Elle\",\"inLanguage\":\"fr-FR\",\"isPartOf\":{\"@id\":\"https:\\\/\\\/www.ville-blanzat.fr\\\/#website\"},\"breadcrumb\":{\"@id\":\"https:\\\/\\\/www.ville-blanzat.fr\\\/index.php\\\/mediatheque\\\/#breadcrumblist\"},\"image\":{\"@type\":\"ImageObject\",\"url\":\"https:\\\/\\\/www.ville-blanzat.fr\\\/wp-content\\\/uploads\\\/2017\\\/04\\\/MG_3580.jpg\",\"@id\":\"https:\\\/\\\/www.ville-blanzat.fr\\\/index.php\\\/mediatheque\\\/#mainImage\",\"width\":800,\"height\":533,\"caption\":\"la m\\u00e9diath\\u00e8que Aim\\u00e9 C\\u00e9saire\"},\"primaryImageOfPage\":{\"@id\":\"https:\\\/\\\/www.ville-blanzat.fr\\\/index.php\\\/mediatheque\\\/#mainImage\"},\"datePublished\":\"2017-04-24T15:19:38+02:00\",\"dateModified\":\"2024-10-28T13:02:31+01:00\"},{\"@type\":\"WebSite\",\"@id\":\"https:\\\/\\\/www.ville-blanzat.fr\\\/#website\",\"url\":\"https:\\\/\\\/www.ville-blanzat.fr\\\/\",\"inLanguage\":\"fr-FR\",\"publisher\":{\"@id\":\"https:\\\/\\\/www.ville-blanzat.fr\\\/#organization\"}}]}\n\t\t<\/script>\n\t\t<!-- All in One SEO -->\n\n","aioseo_head_json":{"title":"LA MEDIATHEQUE AIM\u00c9 C\u00c9SAIRE -","description":"M\u00e9diath\u00e8que Aim\u00e9 C\u00e9saire - R\u00e9seau des m\u00e9diath\u00e8ques de Clermont Auvergne Ouverte en 2013, la m\u00e9diath\u00e8que Aim\u00e9-C\u00e9saire, dans un espace clair et a\u00e9r\u00e9, a \u00e9t\u00e9 pens\u00e9e et am\u00e9nag\u00e9e comme un point de rencontres et de convivialit\u00e9. La m\u00e9diath\u00e8que vous propose des collections destin\u00e9es \u00e0 tous, et d\u00e9clin\u00e9es dans 3 p\u00f4les : enfance, fiction et documentaires. Elle","canonical_url":"https:\/\/www.ville-blanzat.fr\/index.php\/mediatheque\/","robots":"max-image-preview:large","keywords":"","webmasterTools":{"miscellaneous":""},"schema":{"@context":"https:\/\/schema.org","@graph":[{"@type":"BreadcrumbList","@id":"https:\/\/www.ville-blanzat.fr\/index.php\/mediatheque\/#breadcrumblist","itemListElement":[{"@type":"ListItem","@id":"https:\/\/www.ville-blanzat.fr#listItem","position":1,"name":"Home","item":"https:\/\/www.ville-blanzat.fr","nextItem":{"@type":"ListItem","@id":"https:\/\/www.ville-blanzat.fr\/index.php\/mediatheque\/#listItem","name":"LA MEDIATHEQUE AIM\u00c9 C\u00c9SAIRE"}},{"@type":"ListItem","@id":"https:\/\/www.ville-blanzat.fr\/index.php\/mediatheque\/#listItem","position":2,"name":"LA MEDIATHEQUE AIM\u00c9 C\u00c9SAIRE","previousItem":{"@type":"ListItem","@id":"https:\/\/www.ville-blanzat.fr#listItem","name":"Home"}}]},{"@type":"Organization","@id":"https:\/\/www.ville-blanzat.fr\/#organization","url":"https:\/\/www.ville-blanzat.fr\/","logo":{"@type":"ImageObject","url":"https:\/\/www.ville-blanzat.fr\/wp-content\/uploads\/2024\/04\/cropped-blanzat_long_gauche.jpg","@id":"https:\/\/www.ville-blanzat.fr\/index.php\/mediatheque\/#organizationLogo","width":800,"height":226},"image":{"@id":"https:\/\/www.ville-blanzat.fr\/index.php\/mediatheque\/#organizationLogo"}},{"@type":"WebPage","@id":"https:\/\/www.ville-blanzat.fr\/index.php\/mediatheque\/#webpage","url":"https:\/\/www.ville-blanzat.fr\/index.php\/mediatheque\/","name":"LA MEDIATHEQUE AIM\u00c9 C\u00c9SAIRE -","description":"M\u00e9diath\u00e8que Aim\u00e9 C\u00e9saire - R\u00e9seau des m\u00e9diath\u00e8ques de Clermont Auvergne Ouverte en 2013, la m\u00e9diath\u00e8que Aim\u00e9-C\u00e9saire, dans un espace clair et a\u00e9r\u00e9, a \u00e9t\u00e9 pens\u00e9e et am\u00e9nag\u00e9e comme un point de rencontres et de convivialit\u00e9. La m\u00e9diath\u00e8que vous propose des collections destin\u00e9es \u00e0 tous, et d\u00e9clin\u00e9es dans 3 p\u00f4les : enfance, fiction et documentaires. Elle","inLanguage":"fr-FR","isPartOf":{"@id":"https:\/\/www.ville-blanzat.fr\/#website"},"breadcrumb":{"@id":"https:\/\/www.ville-blanzat.fr\/index.php\/mediatheque\/#breadcrumblist"},"image":{"@type":"ImageObject","url":"https:\/\/www.ville-blanzat.fr\/wp-content\/uploads\/2017\/04\/MG_3580.jpg","@id":"https:\/\/www.ville-blanzat.fr\/index.php\/mediatheque\/#mainImage","width":800,"height":533,"caption":"la m\u00e9diath\u00e8que Aim\u00e9 C\u00e9saire"},"primaryImageOfPage":{"@id":"https:\/\/www.ville-blanzat.fr\/index.php\/mediatheque\/#mainImage"},"datePublished":"2017-04-24T15:19:38+02:00","dateModified":"2024-10-28T13:02:31+01:00"},{"@type":"WebSite","@id":"https:\/\/www.ville-blanzat.fr\/#website","url":"https:\/\/www.ville-blanzat.fr\/","inLanguage":"fr-FR","publisher":{"@id":"https:\/\/www.ville-blanzat.fr\/#organization"}}]},"og:locale":"fr_FR","og:site_name":"-","og:type":"article","og:title":"LA MEDIATHEQUE AIM\u00c9 C\u00c9SAIRE -","og:description":"M\u00e9diath\u00e8que Aim\u00e9 C\u00e9saire - R\u00e9seau des m\u00e9diath\u00e8ques de Clermont Auvergne Ouverte en 2013, la m\u00e9diath\u00e8que Aim\u00e9-C\u00e9saire, dans un espace clair et a\u00e9r\u00e9, a \u00e9t\u00e9 pens\u00e9e et am\u00e9nag\u00e9e comme un point de rencontres et de convivialit\u00e9. La m\u00e9diath\u00e8que vous propose des collections destin\u00e9es \u00e0 tous, et d\u00e9clin\u00e9es dans 3 p\u00f4les : enfance, fiction et documentaires. Elle","og:url":"https:\/\/www.ville-blanzat.fr\/index.php\/mediatheque\/","og:image":"https:\/\/www.ville-blanzat.fr\/wp-content\/uploads\/2024\/04\/cropped-blanzat_long_gauche.jpg","og:image:secure_url":"https:\/\/www.ville-blanzat.fr\/wp-content\/uploads\/2024\/04\/cropped-blanzat_long_gauche.jpg","og:image:width":800,"og:image:height":226,"article:published_time":"2017-04-24T13:19:38+00:00","article:modified_time":"2024-10-28T12:02:31+00:00","twitter:card":"summary_large_image","twitter:title":"LA MEDIATHEQUE AIM\u00c9 C\u00c9SAIRE -","twitter:description":"M\u00e9diath\u00e8que Aim\u00e9 C\u00e9saire - R\u00e9seau des m\u00e9diath\u00e8ques de Clermont Auvergne Ouverte en 2013, la m\u00e9diath\u00e8que Aim\u00e9-C\u00e9saire, dans un espace clair et a\u00e9r\u00e9, a \u00e9t\u00e9 pens\u00e9e et am\u00e9nag\u00e9e comme un point de rencontres et de convivialit\u00e9. La m\u00e9diath\u00e8que vous propose des collections destin\u00e9es \u00e0 tous, et d\u00e9clin\u00e9es dans 3 p\u00f4les : enfance, fiction et documentaires. Elle","twitter:image":"https:\/\/www.ville-blanzat.fr\/wp-content\/uploads\/2024\/04\/cropped-blanzat_long_gauche.jpg"},"aioseo_meta_data":{"post_id":"273","title":null,"description":null,"keywords":null,"keyphrases":{"focus":{"keyphrase":"","score":0,"analysis":{"keyphraseInTitle":{"score":0,"maxScore":9,"error":1}}},"additional":[]},"primary_term":null,"canonical_url":null,"og_title":null,"og_description":null,"og_object_type":"default","og_image_type":"default","og_image_url":null,"og_image_width":null,"og_image_height":null,"og_image_custom_url":null,"og_image_custom_fields":null,"og_video":"","og_custom_url":null,"og_article_section":null,"og_article_tags":null,"twitter_use_og":false,"twitter_card":"default","twitter_image_type":"default","twitter_image_url":null,"twitter_image_custom_url":null,"twitter_image_custom_fields":null,"twitter_title":null,"twitter_description":null,"schema":{"blockGraphs":[],"customGraphs":[],"default":{"data":{"Article":[],"Course":[],"Dataset":[],"FAQPage":[],"Movie":[],"Person":[],"Product":[],"ProductReview":[],"Car":[],"Recipe":[],"Service":[],"SoftwareApplication":[],"WebPage":[]},"graphName":"WebPage","isEnabled":true},"graphs":[]},"schema_type":"default","schema_type_options":null,"pillar_content":false,"robots_default":true,"robots_noindex":false,"robots_noarchive":false,"robots_nosnippet":false,"robots_nofollow":false,"robots_noimageindex":false,"robots_noodp":false,"robots_notranslate":false,"robots_max_snippet":"-1","robots_max_videopreview":"-1","robots_max_imagepreview":"large","priority":null,"frequency":"default","local_seo":null,"breadcrumb_settings":null,"limit_modified_date":false,"ai":null,"created":"2024-05-02 16:02:15","updated":"2024-10-28 12:03:26","seo_analyzer_scan_date":null,"focus_keyword":null,"additional_keywords":null,"truseo_locale":null},"aioseo_breadcrumb":"<div class=\"aioseo-breadcrumbs\"><span class=\"aioseo-breadcrumb\">\n\t\t\t<a href=\"https:\/\/www.ville-blanzat.fr\" title=\"Home\">Home<\/a>\n\t\t<\/span><span class=\"aioseo-breadcrumb-separator\">&raquo;<\/span><span class=\"aioseo-breadcrumb\">\n\t\t\tLA MEDIATHEQUE AIM\u00c9 C\u00c9SAIRE\n\t\t<\/span><\/div>","aioseo_breadcrumb_json":[{"label":"Home","link":"https:\/\/www.ville-blanzat.fr"},{"label":"LA MEDIATHEQUE AIM\u00c9 C\u00c9SAIRE","link":"https:\/\/www.ville-blanzat.fr\/index.php\/mediatheque\/"}],"_links":{"self":[{"href":"https:\/\/www.ville-blanzat.fr\/index.php\/wp-json\/wp\/v2\/pages\/273","targetHints":{"allow":["GET"]}}],"collection":[{"href":"https:\/\/www.ville-blanzat.fr\/index.php\/wp-json\/wp\/v2\/pages"}],"about":[{"href":"https:\/\/www.ville-blanzat.fr\/index.php\/wp-json\/wp\/v2\/types\/page"}],"author":[{"embeddable":true,"href":"https:\/\/www.ville-blanzat.fr\/index.php\/wp-json\/wp\/v2\/users\/1"}],"replies":[{"embeddable":true,"href":"https:\/\/www.ville-blanzat.fr\/index.php\/wp-json\/wp\/v2\/comments?post=273"}],"version-history":[{"count":34,"href":"https:\/\/www.ville-blanzat.fr\/index.php\/wp-json\/wp\/v2\/pages\/273\/revisions"}],"predecessor-version":[{"id":9306,"href":"https:\/\/www.ville-blanzat.fr\/index.php\/wp-json\/wp\/v2\/pages\/273\/revisions\/9306"}],"wp:featuredmedia":[{"embeddable":true,"href":"https:\/\/www.ville-blanzat.fr\/index.php\/wp-json\/wp\/v2\/media\/1439"}],"wp:attachment":[{"href":"https:\/\/www.ville-blanzat.fr\/index.php\/wp-json\/wp\/v2\/media?parent=273"}],"curies":[{"name":"wp","href":"https:\/\/api.w.org\/{rel}","templated":true}]}}