{"id":280,"date":"2017-04-24T15:19:38","date_gmt":"2017-04-24T13:19:38","guid":{"rendered":"http:\/\/ww2.ville-blanzat.fr\/?page_id=280"},"modified":"2026-08-17T13:12:03","modified_gmt":"2026-08-17T11:12:03","slug":"histoire","status":"publish","type":"page","link":"https:\/\/www.ville-blanzat.fr\/index.php\/histoire\/","title":{"rendered":"HISTOIRE"},"content":{"rendered":"\n<p>L\u2019existence du site de Blanzat est tr\u00e8s ancienne. En effet, la pr\u00e9sence de premiers habitants remonte \u00e0 l\u2019\u00e9poque magdal\u00e9nienne (pr\u00e9histoire) et de nombreux outils en silex taill\u00e9 en sont le t\u00e9moignage.<\/p>\n\n\n\n<p>Depuis, du n\u00e9olithique \u00e0 l\u2019\u00e9poque gallo-romaine et du Moyen Age \u00e0 la R\u00e9volution, les \u00e9poques et les peuples se sont succ\u00e9d\u00e9s pour former ce charmant village de campagne.<\/p>\n\n\n\n<p>Vestige de l\u2019\u00e9poque m\u00e9di\u00e9vale, le bourg de Blanzat poss\u00e9dait encore, en 1686, une enceinte de tours et de murailles. Le quartier du Ch\u00e2teau (Foyer Rural, \u00e9glise, poste, pharmacie) se trouve aujourd\u2019hui encore bien marqu\u00e9 dans la forme de sa voirie.<\/p>\n\n\n\n<p>L\u2019\u00e9glise St Pardoux a connu plusieurs g\u00e9n\u00e9rations de b\u00e2tisseurs \u00e0 partir de 1763, date de construction de la nef. Le clocher actuel date de 1902.<\/p>\n\n\n\n<p>Au d\u00e9but du si\u00e8cle, lors du d\u00e9nombrement de 1901, il y avait encore 3 boucheries au village pour nourrir une population de 1 000 habitants environ. On trouvait \u00e9galement, pour les commerces de bouche : cinq boulangers, un bouilleur de cru, cinq \u00e9piciers, cinq d\u00e9bitants, une laiti\u00e8re, un liquoriste et un mara\u00eecher. Apr\u00e8s les m\u00e9faits du phylloxera et la guerre de 14-18, la d\u00e9sertification des campagnes commen\u00e7ait tout juste et le nombre d\u2019habitants est descendu \u00e0 946 en 1936. Dans le m\u00eame temps, de nombreux commerces et m\u00e9tiers ont disparu\u2026 A partir des ann\u00e9es soixante, la voiture permet de r\u00e9investir la premi\u00e8re couronne de villages autour de Clermont-Ferrand. Dans le m\u00eame temps, une forte immigration \u00e9trang\u00e8re (\u00e0 80 % portugaise) voit le jour. La population augmente et Blanzat est aujourd\u2019hui un village de 4 000 habitants.<\/p>\n\n\n\n<figure class=\"wp-block-gallery has-nested-images columns-default is-cropped wp-block-gallery-1 is-layout-flex wp-block-gallery-is-layout-flex\">\n<figure class=\"wp-block-image size-large\"><img fetchpriority=\"high\" decoding=\"async\" width=\"1024\" height=\"1024\" data-id=\"10780\" src=\"https:\/\/www.ville-blanzat.fr\/wp-content\/uploads\/2026\/07\/ancienne-pompe-a-essence-1024x1024.png\" alt=\"\" class=\"wp-image-10780\" srcset=\"https:\/\/www.ville-blanzat.fr\/wp-content\/uploads\/2026\/07\/ancienne-pompe-a-essence-1024x1024.png 1024w, https:\/\/www.ville-blanzat.fr\/wp-content\/uploads\/2026\/07\/ancienne-pompe-a-essence-300x300.png 300w, https:\/\/www.ville-blanzat.fr\/wp-content\/uploads\/2026\/07\/ancienne-pompe-a-essence-150x150.png 150w, https:\/\/www.ville-blanzat.fr\/wp-content\/uploads\/2026\/07\/ancienne-pompe-a-essence-1536x1536.png 1536w, https:\/\/www.ville-blanzat.fr\/wp-content\/uploads\/2026\/07\/ancienne-pompe-a-essence-2048x2048.png 2048w\" sizes=\"(max-width: 1024px) 100vw, 1024px\" \/><\/figure>\n\n\n\n<figure class=\"wp-block-image size-large\"><img decoding=\"async\" width=\"1024\" height=\"1024\" data-id=\"10779\" src=\"https:\/\/www.ville-blanzat.fr\/wp-content\/uploads\/2026\/07\/ancienne-poste-1024x1024.png\" alt=\"\" class=\"wp-image-10779\" srcset=\"https:\/\/www.ville-blanzat.fr\/wp-content\/uploads\/2026\/07\/ancienne-poste-1024x1024.png 1024w, https:\/\/www.ville-blanzat.fr\/wp-content\/uploads\/2026\/07\/ancienne-poste-300x300.png 300w, https:\/\/www.ville-blanzat.fr\/wp-content\/uploads\/2026\/07\/ancienne-poste-150x150.png 150w, https:\/\/www.ville-blanzat.fr\/wp-content\/uploads\/2026\/07\/ancienne-poste-1536x1536.png 1536w, https:\/\/www.ville-blanzat.fr\/wp-content\/uploads\/2026\/07\/ancienne-poste-2048x2048.png 2048w\" sizes=\"(max-width: 1024px) 100vw, 1024px\" \/><\/figure>\n\n\n\n<figure class=\"wp-block-image size-large\"><img decoding=\"async\" width=\"1024\" height=\"1024\" data-id=\"10781\" src=\"https:\/\/www.ville-blanzat.fr\/wp-content\/uploads\/2026\/07\/blanzat-vue-general-1024x1024.png\" alt=\"\" class=\"wp-image-10781\" srcset=\"https:\/\/www.ville-blanzat.fr\/wp-content\/uploads\/2026\/07\/blanzat-vue-general-1024x1024.png 1024w, https:\/\/www.ville-blanzat.fr\/wp-content\/uploads\/2026\/07\/blanzat-vue-general-300x300.png 300w, https:\/\/www.ville-blanzat.fr\/wp-content\/uploads\/2026\/07\/blanzat-vue-general-150x150.png 150w, https:\/\/www.ville-blanzat.fr\/wp-content\/uploads\/2026\/07\/blanzat-vue-general-1536x1536.png 1536w, https:\/\/www.ville-blanzat.fr\/wp-content\/uploads\/2026\/07\/blanzat-vue-general-2048x2048.png 2048w\" sizes=\"(max-width: 1024px) 100vw, 1024px\" \/><\/figure>\n\n\n\n<figure class=\"wp-block-image size-large\"><img loading=\"lazy\" decoding=\"async\" width=\"1024\" height=\"1024\" data-id=\"10782\" src=\"https:\/\/www.ville-blanzat.fr\/wp-content\/uploads\/2026\/07\/blanzat-1024x1024.png\" alt=\"\" class=\"wp-image-10782\" srcset=\"https:\/\/www.ville-blanzat.fr\/wp-content\/uploads\/2026\/07\/blanzat-1024x1024.png 1024w, https:\/\/www.ville-blanzat.fr\/wp-content\/uploads\/2026\/07\/blanzat-300x300.png 300w, https:\/\/www.ville-blanzat.fr\/wp-content\/uploads\/2026\/07\/blanzat-150x150.png 150w, https:\/\/www.ville-blanzat.fr\/wp-content\/uploads\/2026\/07\/blanzat-1536x1536.png 1536w, https:\/\/www.ville-blanzat.fr\/wp-content\/uploads\/2026\/07\/blanzat-2048x2048.png 2048w\" sizes=\"(max-width: 1024px) 100vw, 1024px\" \/><\/figure>\n\n\n\n<figure class=\"wp-block-image size-large\"><img loading=\"lazy\" decoding=\"async\" width=\"1024\" height=\"1024\" data-id=\"10783\" src=\"https:\/\/www.ville-blanzat.fr\/wp-content\/uploads\/2026\/07\/chateau-d-blanzat-1024x1024.png\" alt=\"\" class=\"wp-image-10783\" srcset=\"https:\/\/www.ville-blanzat.fr\/wp-content\/uploads\/2026\/07\/chateau-d-blanzat-1024x1024.png 1024w, https:\/\/www.ville-blanzat.fr\/wp-content\/uploads\/2026\/07\/chateau-d-blanzat-300x300.png 300w, https:\/\/www.ville-blanzat.fr\/wp-content\/uploads\/2026\/07\/chateau-d-blanzat-150x150.png 150w, https:\/\/www.ville-blanzat.fr\/wp-content\/uploads\/2026\/07\/chateau-d-blanzat-1536x1536.png 1536w, https:\/\/www.ville-blanzat.fr\/wp-content\/uploads\/2026\/07\/chateau-d-blanzat-2048x2048.png 2048w\" sizes=\"(max-width: 1024px) 100vw, 1024px\" \/><\/figure>\n\n\n\n<figure class=\"wp-block-image size-large\"><img loading=\"lazy\" decoding=\"async\" width=\"1024\" height=\"1024\" data-id=\"10785\" src=\"https:\/\/www.ville-blanzat.fr\/wp-content\/uploads\/2026\/07\/eglise-patrimoine-1024x1024.jpg\" alt=\"\" class=\"wp-image-10785\" srcset=\"https:\/\/www.ville-blanzat.fr\/wp-content\/uploads\/2026\/07\/eglise-patrimoine-1024x1024.jpg 1024w, https:\/\/www.ville-blanzat.fr\/wp-content\/uploads\/2026\/07\/eglise-patrimoine-300x300.jpg 300w, https:\/\/www.ville-blanzat.fr\/wp-content\/uploads\/2026\/07\/eglise-patrimoine-150x150.jpg 150w, https:\/\/www.ville-blanzat.fr\/wp-content\/uploads\/2026\/07\/eglise-patrimoine-1536x1536.jpg 1536w, https:\/\/www.ville-blanzat.fr\/wp-content\/uploads\/2026\/07\/eglise-patrimoine-2048x2048.jpg 2048w\" sizes=\"(max-width: 1024px) 100vw, 1024px\" \/><\/figure>\n\n\n\n<figure class=\"wp-block-image size-large\"><img loading=\"lazy\" decoding=\"async\" width=\"1024\" height=\"1024\" data-id=\"10786\" src=\"https:\/\/www.ville-blanzat.fr\/wp-content\/uploads\/2026\/07\/fontaine-mairie-1024x1024.png\" alt=\"\" class=\"wp-image-10786\" srcset=\"https:\/\/www.ville-blanzat.fr\/wp-content\/uploads\/2026\/07\/fontaine-mairie-1024x1024.png 1024w, https:\/\/www.ville-blanzat.fr\/wp-content\/uploads\/2026\/07\/fontaine-mairie-300x300.png 300w, https:\/\/www.ville-blanzat.fr\/wp-content\/uploads\/2026\/07\/fontaine-mairie-150x150.png 150w, https:\/\/www.ville-blanzat.fr\/wp-content\/uploads\/2026\/07\/fontaine-mairie-1536x1536.png 1536w, https:\/\/www.ville-blanzat.fr\/wp-content\/uploads\/2026\/07\/fontaine-mairie-2048x2048.png 2048w\" sizes=\"(max-width: 1024px) 100vw, 1024px\" \/><\/figure>\n\n\n\n<figure class=\"wp-block-image size-large\"><img loading=\"lazy\" decoding=\"async\" width=\"1024\" height=\"1024\" data-id=\"10787\" src=\"https:\/\/www.ville-blanzat.fr\/wp-content\/uploads\/2026\/07\/les-americains-a-blanzat-1024x1024.png\" alt=\"\" class=\"wp-image-10787\" srcset=\"https:\/\/www.ville-blanzat.fr\/wp-content\/uploads\/2026\/07\/les-americains-a-blanzat-1024x1024.png 1024w, https:\/\/www.ville-blanzat.fr\/wp-content\/uploads\/2026\/07\/les-americains-a-blanzat-300x300.png 300w, https:\/\/www.ville-blanzat.fr\/wp-content\/uploads\/2026\/07\/les-americains-a-blanzat-150x150.png 150w, https:\/\/www.ville-blanzat.fr\/wp-content\/uploads\/2026\/07\/les-americains-a-blanzat-1536x1536.png 1536w, https:\/\/www.ville-blanzat.fr\/wp-content\/uploads\/2026\/07\/les-americains-a-blanzat-2048x2048.png 2048w\" sizes=\"(max-width: 1024px) 100vw, 1024px\" \/><\/figure>\n\n\n\n<figure class=\"wp-block-image size-large\"><img loading=\"lazy\" decoding=\"async\" width=\"1024\" height=\"1024\" data-id=\"10788\" src=\"https:\/\/www.ville-blanzat.fr\/wp-content\/uploads\/2026\/07\/mairie-patrimoine-1024x1024.jpg\" alt=\"\" class=\"wp-image-10788\" srcset=\"https:\/\/www.ville-blanzat.fr\/wp-content\/uploads\/2026\/07\/mairie-patrimoine-1024x1024.jpg 1024w, https:\/\/www.ville-blanzat.fr\/wp-content\/uploads\/2026\/07\/mairie-patrimoine-300x300.jpg 300w, https:\/\/www.ville-blanzat.fr\/wp-content\/uploads\/2026\/07\/mairie-patrimoine-150x150.jpg 150w, https:\/\/www.ville-blanzat.fr\/wp-content\/uploads\/2026\/07\/mairie-patrimoine-1536x1536.jpg 1536w, https:\/\/www.ville-blanzat.fr\/wp-content\/uploads\/2026\/07\/mairie-patrimoine-2048x2048.jpg 2048w\" sizes=\"(max-width: 1024px) 100vw, 1024px\" \/><\/figure>\n\n\n\n<figure class=\"wp-block-image size-large\"><img loading=\"lazy\" decoding=\"async\" width=\"1024\" height=\"1024\" data-id=\"10790\" src=\"https:\/\/www.ville-blanzat.fr\/wp-content\/uploads\/2026\/07\/PATRIMOINE-6-1024x1024.jpg\" alt=\"\" class=\"wp-image-10790\" srcset=\"https:\/\/www.ville-blanzat.fr\/wp-content\/uploads\/2026\/07\/PATRIMOINE-6-1024x1024.jpg 1024w, https:\/\/www.ville-blanzat.fr\/wp-content\/uploads\/2026\/07\/PATRIMOINE-6-300x300.jpg 300w, https:\/\/www.ville-blanzat.fr\/wp-content\/uploads\/2026\/07\/PATRIMOINE-6-150x150.jpg 150w, https:\/\/www.ville-blanzat.fr\/wp-content\/uploads\/2026\/07\/PATRIMOINE-6-1536x1536.jpg 1536w, https:\/\/www.ville-blanzat.fr\/wp-content\/uploads\/2026\/07\/PATRIMOINE-6-2048x2048.jpg 2048w\" sizes=\"(max-width: 1024px) 100vw, 1024px\" \/><\/figure>\n\n\n\n<figure class=\"wp-block-image size-large\"><img loading=\"lazy\" decoding=\"async\" width=\"1024\" height=\"1024\" data-id=\"10789\" src=\"https:\/\/www.ville-blanzat.fr\/wp-content\/uploads\/2026\/07\/place-de-la-fradiere-1024x1024.png\" alt=\"\" class=\"wp-image-10789\" srcset=\"https:\/\/www.ville-blanzat.fr\/wp-content\/uploads\/2026\/07\/place-de-la-fradiere-1024x1024.png 1024w, https:\/\/www.ville-blanzat.fr\/wp-content\/uploads\/2026\/07\/place-de-la-fradiere-300x300.png 300w, https:\/\/www.ville-blanzat.fr\/wp-content\/uploads\/2026\/07\/place-de-la-fradiere-150x150.png 150w, https:\/\/www.ville-blanzat.fr\/wp-content\/uploads\/2026\/07\/place-de-la-fradiere-1536x1536.png 1536w, https:\/\/www.ville-blanzat.fr\/wp-content\/uploads\/2026\/07\/place-de-la-fradiere-2048x2048.png 2048w\" sizes=\"(max-width: 1024px) 100vw, 1024px\" \/><\/figure>\n\n\n\n<figure class=\"wp-block-image size-large\"><img loading=\"lazy\" decoding=\"async\" width=\"1024\" height=\"1024\" data-id=\"10791\" src=\"https:\/\/www.ville-blanzat.fr\/wp-content\/uploads\/2026\/07\/place-du-montel-1024x1024.png\" alt=\"\" class=\"wp-image-10791\" srcset=\"https:\/\/www.ville-blanzat.fr\/wp-content\/uploads\/2026\/07\/place-du-montel-1024x1024.png 1024w, https:\/\/www.ville-blanzat.fr\/wp-content\/uploads\/2026\/07\/place-du-montel-300x300.png 300w, https:\/\/www.ville-blanzat.fr\/wp-content\/uploads\/2026\/07\/place-du-montel-150x150.png 150w, https:\/\/www.ville-blanzat.fr\/wp-content\/uploads\/2026\/07\/place-du-montel-1536x1536.png 1536w, https:\/\/www.ville-blanzat.fr\/wp-content\/uploads\/2026\/07\/place-du-montel-2048x2048.png 2048w\" sizes=\"(max-width: 1024px) 100vw, 1024px\" \/><\/figure>\n\n\n\n<figure class=\"wp-block-image size-large\"><img loading=\"lazy\" decoding=\"async\" width=\"1024\" height=\"1024\" data-id=\"10792\" src=\"https:\/\/www.ville-blanzat.fr\/wp-content\/uploads\/2026\/07\/rue-de-la-republique-1024x1024.png\" alt=\"\" class=\"wp-image-10792\" srcset=\"https:\/\/www.ville-blanzat.fr\/wp-content\/uploads\/2026\/07\/rue-de-la-republique-1024x1024.png 1024w, https:\/\/www.ville-blanzat.fr\/wp-content\/uploads\/2026\/07\/rue-de-la-republique-300x300.png 300w, https:\/\/www.ville-blanzat.fr\/wp-content\/uploads\/2026\/07\/rue-de-la-republique-150x150.png 150w, https:\/\/www.ville-blanzat.fr\/wp-content\/uploads\/2026\/07\/rue-de-la-republique-1536x1536.png 1536w, https:\/\/www.ville-blanzat.fr\/wp-content\/uploads\/2026\/07\/rue-de-la-republique-2048x2048.png 2048w\" sizes=\"(max-width: 1024px) 100vw, 1024px\" \/><\/figure>\n\n\n\n<figure class=\"wp-block-image size-large\"><img loading=\"lazy\" decoding=\"async\" width=\"1024\" height=\"1024\" data-id=\"10793\" src=\"https:\/\/www.ville-blanzat.fr\/wp-content\/uploads\/2026\/07\/vignerons-1024x1024.png\" alt=\"\" class=\"wp-image-10793\" srcset=\"https:\/\/www.ville-blanzat.fr\/wp-content\/uploads\/2026\/07\/vignerons-1024x1024.png 1024w, https:\/\/www.ville-blanzat.fr\/wp-content\/uploads\/2026\/07\/vignerons-300x300.png 300w, https:\/\/www.ville-blanzat.fr\/wp-content\/uploads\/2026\/07\/vignerons-150x150.png 150w, https:\/\/www.ville-blanzat.fr\/wp-content\/uploads\/2026\/07\/vignerons-1536x1536.png 1536w, https:\/\/www.ville-blanzat.fr\/wp-content\/uploads\/2026\/07\/vignerons-2048x2048.png 2048w\" sizes=\"(max-width: 1024px) 100vw, 1024px\" \/><\/figure>\n\n\n\n<figure class=\"wp-block-image size-large\"><img loading=\"lazy\" decoding=\"async\" width=\"1024\" height=\"1024\" data-id=\"10794\" src=\"https:\/\/www.ville-blanzat.fr\/wp-content\/uploads\/2026\/07\/vue-de-blanzat-1024x1024.png\" alt=\"\" class=\"wp-image-10794\" srcset=\"https:\/\/www.ville-blanzat.fr\/wp-content\/uploads\/2026\/07\/vue-de-blanzat-1024x1024.png 1024w, https:\/\/www.ville-blanzat.fr\/wp-content\/uploads\/2026\/07\/vue-de-blanzat-300x300.png 300w, https:\/\/www.ville-blanzat.fr\/wp-content\/uploads\/2026\/07\/vue-de-blanzat-150x150.png 150w, https:\/\/www.ville-blanzat.fr\/wp-content\/uploads\/2026\/07\/vue-de-blanzat-1536x1536.png 1536w, https:\/\/www.ville-blanzat.fr\/wp-content\/uploads\/2026\/07\/vue-de-blanzat-2048x2048.png 2048w\" sizes=\"(max-width: 1024px) 100vw, 1024px\" \/><\/figure>\n<\/figure>\n\n\n\n<p><\/p>\n\n\n\n<a href=\"https:\/\/www.ville-blanzat.fr\/wp-content\/uploads\/2017\/04\/PATRIMOINE-1.jpg\"><iframe src=\"https:\/\/www.youtube.com\/embed\/X2pgmgbfubY\" width=\"560\" height=\"315\" frameborder=\"0\" allowfullscreen=\"allowfullscreen\"><\/iframe><\/a>\n\n\n\n<h2 class=\"wp-block-heading\">L&rsquo;histoire de l&rsquo;\u00e9glise de Blanzat <\/h2>\n\n\n<p><iframe title=\"l&#039;\u00e9glise de Blanzat\" width=\"1225\" height=\"689\" src=\"https:\/\/www.youtube.com\/embed\/XOCwdB1aFYY?feature=oembed\" frameborder=\"0\" allow=\"accelerometer; autoplay; clipboard-write; encrypted-media; gyroscope; picture-in-picture; web-share\" referrerpolicy=\"strict-origin-when-cross-origin\" allowfullscreen><\/iframe><\/p>\n\n\n<p><\/p>\n","protected":false},"excerpt":{"rendered":"<p>L\u2019existence du site de Blanzat est tr\u00e8s ancienne. En effet, la pr\u00e9sence de premiers habitants remonte \u00e0 l\u2019\u00e9poque magdal\u00e9nienne (pr\u00e9histoire) et de nombreux outils en silex taill\u00e9 en sont le t\u00e9moignage. Depuis, du n\u00e9olithique \u00e0 l\u2019\u00e9poque gallo-romaine et du Moyen Age \u00e0 la R\u00e9volution, les \u00e9poques et les peuples se &hellip;<\/p>\n","protected":false},"author":1,"featured_media":662,"parent":0,"menu_order":0,"comment_status":"closed","ping_status":"closed","template":"","meta":{"footnotes":""},"class_list":["post-280","page","type-page","status-publish","has-post-thumbnail","hentry"],"aioseo_notices":[],"aioseo_head":"\n\t\t<!-- All in One SEO 5.0.0.1 - aioseo.com -->\n\t<meta name=\"description\" content=\"L\u2019existence du site de Blanzat est tr\u00e8s ancienne. En effet, la pr\u00e9sence de premiers habitants remonte \u00e0 l\u2019\u00e9poque magdal\u00e9nienne (pr\u00e9histoire) et de nombreux outils en silex taill\u00e9 en sont le t\u00e9moignage. Depuis, du n\u00e9olithique \u00e0 l\u2019\u00e9poque gallo-romaine et du Moyen Age \u00e0 la R\u00e9volution, les \u00e9poques et les peuples se sont succ\u00e9d\u00e9s pour former ce\" \/>\n\t<meta name=\"robots\" content=\"max-image-preview:large\" \/>\n\t<link rel=\"canonical\" href=\"https:\/\/www.ville-blanzat.fr\/index.php\/histoire\/\" \/>\n\t<meta name=\"generator\" content=\"All in One SEO (AIOSEO) 5.0.0.1\" \/>\n\t\t<meta property=\"og:locale\" content=\"fr_FR\" \/>\n\t\t<meta property=\"og:site_name\" content=\"-\" \/>\n\t\t<meta property=\"og:type\" content=\"article\" \/>\n\t\t<meta property=\"og:title\" content=\"HISTOIRE -\" \/>\n\t\t<meta property=\"og:description\" content=\"L\u2019existence du site de Blanzat est tr\u00e8s ancienne. En effet, la pr\u00e9sence de premiers habitants remonte \u00e0 l\u2019\u00e9poque magdal\u00e9nienne (pr\u00e9histoire) et de nombreux outils en silex taill\u00e9 en sont le t\u00e9moignage. Depuis, du n\u00e9olithique \u00e0 l\u2019\u00e9poque gallo-romaine et du Moyen Age \u00e0 la R\u00e9volution, les \u00e9poques et les peuples se sont succ\u00e9d\u00e9s pour former ce\" \/>\n\t\t<meta property=\"og:url\" content=\"https:\/\/www.ville-blanzat.fr\/index.php\/histoire\/\" \/>\n\t\t<meta property=\"og:image\" content=\"https:\/\/www.ville-blanzat.fr\/wp-content\/uploads\/2024\/04\/cropped-blanzat_long_gauche.jpg\" \/>\n\t\t<meta property=\"og:image:secure_url\" content=\"https:\/\/www.ville-blanzat.fr\/wp-content\/uploads\/2024\/04\/cropped-blanzat_long_gauche.jpg\" \/>\n\t\t<meta property=\"og:image:width\" content=\"800\" \/>\n\t\t<meta property=\"og:image:height\" content=\"226\" \/>\n\t\t<meta property=\"article:published_time\" content=\"2017-04-24T13:19:38+00:00\" \/>\n\t\t<meta property=\"article:modified_time\" content=\"2026-08-17T11:12:03+00:00\" \/>\n\t\t<meta name=\"twitter:card\" content=\"summary_large_image\" \/>\n\t\t<meta name=\"twitter:title\" content=\"HISTOIRE -\" \/>\n\t\t<meta name=\"twitter:description\" content=\"L\u2019existence du site de Blanzat est tr\u00e8s ancienne. En effet, la pr\u00e9sence de premiers habitants remonte \u00e0 l\u2019\u00e9poque magdal\u00e9nienne (pr\u00e9histoire) et de nombreux outils en silex taill\u00e9 en sont le t\u00e9moignage. Depuis, du n\u00e9olithique \u00e0 l\u2019\u00e9poque gallo-romaine et du Moyen Age \u00e0 la R\u00e9volution, les \u00e9poques et les peuples se sont succ\u00e9d\u00e9s pour former ce\" \/>\n\t\t<meta name=\"twitter:image\" content=\"https:\/\/www.ville-blanzat.fr\/wp-content\/uploads\/2024\/04\/cropped-blanzat_long_gauche.jpg\" \/>\n\t\t<script type=\"application\/ld+json\" class=\"aioseo-schema\">\n\t\t\t{\"@context\":\"https:\\\/\\\/schema.org\",\"@graph\":[{\"@type\":\"BreadcrumbList\",\"@id\":\"https:\\\/\\\/www.ville-blanzat.fr\\\/index.php\\\/histoire\\\/#breadcrumblist\",\"itemListElement\":[{\"@type\":\"ListItem\",\"@id\":\"https:\\\/\\\/www.ville-blanzat.fr#listItem\",\"position\":1,\"name\":\"Home\",\"item\":\"https:\\\/\\\/www.ville-blanzat.fr\",\"nextItem\":{\"@type\":\"ListItem\",\"@id\":\"https:\\\/\\\/www.ville-blanzat.fr\\\/index.php\\\/histoire\\\/#listItem\",\"name\":\"HISTOIRE\"}},{\"@type\":\"ListItem\",\"@id\":\"https:\\\/\\\/www.ville-blanzat.fr\\\/index.php\\\/histoire\\\/#listItem\",\"position\":2,\"name\":\"HISTOIRE\",\"previousItem\":{\"@type\":\"ListItem\",\"@id\":\"https:\\\/\\\/www.ville-blanzat.fr#listItem\",\"name\":\"Home\"}}]},{\"@type\":\"Organization\",\"@id\":\"https:\\\/\\\/www.ville-blanzat.fr\\\/#organization\",\"url\":\"https:\\\/\\\/www.ville-blanzat.fr\\\/\",\"logo\":{\"@type\":\"ImageObject\",\"url\":\"https:\\\/\\\/www.ville-blanzat.fr\\\/wp-content\\\/uploads\\\/2024\\\/04\\\/cropped-blanzat_long_gauche.jpg\",\"@id\":\"https:\\\/\\\/www.ville-blanzat.fr\\\/index.php\\\/histoire\\\/#organizationLogo\",\"width\":800,\"height\":226},\"image\":{\"@id\":\"https:\\\/\\\/www.ville-blanzat.fr\\\/index.php\\\/histoire\\\/#organizationLogo\"}},{\"@type\":\"WebPage\",\"@id\":\"https:\\\/\\\/www.ville-blanzat.fr\\\/index.php\\\/histoire\\\/#webpage\",\"url\":\"https:\\\/\\\/www.ville-blanzat.fr\\\/index.php\\\/histoire\\\/\",\"name\":\"HISTOIRE -\",\"description\":\"L\\u2019existence du site de Blanzat est tr\\u00e8s ancienne. En effet, la pr\\u00e9sence de premiers habitants remonte \\u00e0 l\\u2019\\u00e9poque magdal\\u00e9nienne (pr\\u00e9histoire) et de nombreux outils en silex taill\\u00e9 en sont le t\\u00e9moignage. Depuis, du n\\u00e9olithique \\u00e0 l\\u2019\\u00e9poque gallo-romaine et du Moyen Age \\u00e0 la R\\u00e9volution, les \\u00e9poques et les peuples se sont succ\\u00e9d\\u00e9s pour former ce\",\"inLanguage\":\"fr-FR\",\"isPartOf\":{\"@id\":\"https:\\\/\\\/www.ville-blanzat.fr\\\/#website\"},\"breadcrumb\":{\"@id\":\"https:\\\/\\\/www.ville-blanzat.fr\\\/index.php\\\/histoire\\\/#breadcrumblist\"},\"image\":{\"@type\":\"ImageObject\",\"url\":\"https:\\\/\\\/www.ville-blanzat.fr\\\/wp-content\\\/uploads\\\/2017\\\/04\\\/PATRIMOINE-4.jpg\",\"@id\":\"https:\\\/\\\/www.ville-blanzat.fr\\\/index.php\\\/histoire\\\/#mainImage\",\"width\":2338,\"height\":1653},\"primaryImageOfPage\":{\"@id\":\"https:\\\/\\\/www.ville-blanzat.fr\\\/index.php\\\/histoire\\\/#mainImage\"},\"datePublished\":\"2017-04-24T15:19:38+02:00\",\"dateModified\":\"2026-08-17T13:12:03+02:00\"},{\"@type\":\"WebSite\",\"@id\":\"https:\\\/\\\/www.ville-blanzat.fr\\\/#website\",\"url\":\"https:\\\/\\\/www.ville-blanzat.fr\\\/\",\"inLanguage\":\"fr-FR\",\"publisher\":{\"@id\":\"https:\\\/\\\/www.ville-blanzat.fr\\\/#organization\"}}]}\n\t\t<\/script>\n\t\t<!-- All in One SEO -->\n\n","aioseo_head_json":{"title":"HISTOIRE -","description":"L\u2019existence du site de Blanzat est tr\u00e8s ancienne. En effet, la pr\u00e9sence de premiers habitants remonte \u00e0 l\u2019\u00e9poque magdal\u00e9nienne (pr\u00e9histoire) et de nombreux outils en silex taill\u00e9 en sont le t\u00e9moignage. Depuis, du n\u00e9olithique \u00e0 l\u2019\u00e9poque gallo-romaine et du Moyen Age \u00e0 la R\u00e9volution, les \u00e9poques et les peuples se sont succ\u00e9d\u00e9s pour former ce","canonical_url":"https:\/\/www.ville-blanzat.fr\/index.php\/histoire\/","robots":"max-image-preview:large","keywords":"","webmasterTools":{"miscellaneous":""},"schema":{"@context":"https:\/\/schema.org","@graph":[{"@type":"BreadcrumbList","@id":"https:\/\/www.ville-blanzat.fr\/index.php\/histoire\/#breadcrumblist","itemListElement":[{"@type":"ListItem","@id":"https:\/\/www.ville-blanzat.fr#listItem","position":1,"name":"Home","item":"https:\/\/www.ville-blanzat.fr","nextItem":{"@type":"ListItem","@id":"https:\/\/www.ville-blanzat.fr\/index.php\/histoire\/#listItem","name":"HISTOIRE"}},{"@type":"ListItem","@id":"https:\/\/www.ville-blanzat.fr\/index.php\/histoire\/#listItem","position":2,"name":"HISTOIRE","previousItem":{"@type":"ListItem","@id":"https:\/\/www.ville-blanzat.fr#listItem","name":"Home"}}]},{"@type":"Organization","@id":"https:\/\/www.ville-blanzat.fr\/#organization","url":"https:\/\/www.ville-blanzat.fr\/","logo":{"@type":"ImageObject","url":"https:\/\/www.ville-blanzat.fr\/wp-content\/uploads\/2024\/04\/cropped-blanzat_long_gauche.jpg","@id":"https:\/\/www.ville-blanzat.fr\/index.php\/histoire\/#organizationLogo","width":800,"height":226},"image":{"@id":"https:\/\/www.ville-blanzat.fr\/index.php\/histoire\/#organizationLogo"}},{"@type":"WebPage","@id":"https:\/\/www.ville-blanzat.fr\/index.php\/histoire\/#webpage","url":"https:\/\/www.ville-blanzat.fr\/index.php\/histoire\/","name":"HISTOIRE -","description":"L\u2019existence du site de Blanzat est tr\u00e8s ancienne. En effet, la pr\u00e9sence de premiers habitants remonte \u00e0 l\u2019\u00e9poque magdal\u00e9nienne (pr\u00e9histoire) et de nombreux outils en silex taill\u00e9 en sont le t\u00e9moignage. Depuis, du n\u00e9olithique \u00e0 l\u2019\u00e9poque gallo-romaine et du Moyen Age \u00e0 la R\u00e9volution, les \u00e9poques et les peuples se sont succ\u00e9d\u00e9s pour former ce","inLanguage":"fr-FR","isPartOf":{"@id":"https:\/\/www.ville-blanzat.fr\/#website"},"breadcrumb":{"@id":"https:\/\/www.ville-blanzat.fr\/index.php\/histoire\/#breadcrumblist"},"image":{"@type":"ImageObject","url":"https:\/\/www.ville-blanzat.fr\/wp-content\/uploads\/2017\/04\/PATRIMOINE-4.jpg","@id":"https:\/\/www.ville-blanzat.fr\/index.php\/histoire\/#mainImage","width":2338,"height":1653},"primaryImageOfPage":{"@id":"https:\/\/www.ville-blanzat.fr\/index.php\/histoire\/#mainImage"},"datePublished":"2017-04-24T15:19:38+02:00","dateModified":"2026-08-17T13:12:03+02:00"},{"@type":"WebSite","@id":"https:\/\/www.ville-blanzat.fr\/#website","url":"https:\/\/www.ville-blanzat.fr\/","inLanguage":"fr-FR","publisher":{"@id":"https:\/\/www.ville-blanzat.fr\/#organization"}}]},"og:locale":"fr_FR","og:site_name":"-","og:type":"article","og:title":"HISTOIRE -","og:description":"L\u2019existence du site de Blanzat est tr\u00e8s ancienne. En effet, la pr\u00e9sence de premiers habitants remonte \u00e0 l\u2019\u00e9poque magdal\u00e9nienne (pr\u00e9histoire) et de nombreux outils en silex taill\u00e9 en sont le t\u00e9moignage. Depuis, du n\u00e9olithique \u00e0 l\u2019\u00e9poque gallo-romaine et du Moyen Age \u00e0 la R\u00e9volution, les \u00e9poques et les peuples se sont succ\u00e9d\u00e9s pour former ce","og:url":"https:\/\/www.ville-blanzat.fr\/index.php\/histoire\/","og:image":"https:\/\/www.ville-blanzat.fr\/wp-content\/uploads\/2024\/04\/cropped-blanzat_long_gauche.jpg","og:image:secure_url":"https:\/\/www.ville-blanzat.fr\/wp-content\/uploads\/2024\/04\/cropped-blanzat_long_gauche.jpg","og:image:width":800,"og:image:height":226,"article:published_time":"2017-04-24T13:19:38+00:00","article:modified_time":"2026-08-17T11:12:03+00:00","twitter:card":"summary_large_image","twitter:title":"HISTOIRE -","twitter:description":"L\u2019existence du site de Blanzat est tr\u00e8s ancienne. En effet, la pr\u00e9sence de premiers habitants remonte \u00e0 l\u2019\u00e9poque magdal\u00e9nienne (pr\u00e9histoire) et de nombreux outils en silex taill\u00e9 en sont le t\u00e9moignage. Depuis, du n\u00e9olithique \u00e0 l\u2019\u00e9poque gallo-romaine et du Moyen Age \u00e0 la R\u00e9volution, les \u00e9poques et les peuples se sont succ\u00e9d\u00e9s pour former ce","twitter:image":"https:\/\/www.ville-blanzat.fr\/wp-content\/uploads\/2024\/04\/cropped-blanzat_long_gauche.jpg"},"aioseo_meta_data":{"post_id":"280","title":null,"description":null,"keywords":null,"keyphrases":{"focus":{"keyphrase":"","score":0,"analysis":{"keyphraseInTitle":{"score":0,"maxScore":9,"error":1}}},"additional":[]},"primary_term":null,"canonical_url":null,"og_title":null,"og_description":null,"og_object_type":"default","og_image_type":"default","og_image_url":null,"og_image_width":null,"og_image_height":null,"og_image_custom_url":null,"og_image_custom_fields":null,"og_video":"","og_custom_url":null,"og_article_section":null,"og_article_tags":null,"twitter_use_og":false,"twitter_card":"default","twitter_image_type":"default","twitter_image_url":null,"twitter_image_custom_url":null,"twitter_image_custom_fields":null,"twitter_title":null,"twitter_description":null,"schema":{"blockGraphs":[],"customGraphs":[],"default":{"data":{"Article":[],"Course":[],"Dataset":[],"FAQPage":[],"Movie":[],"Person":[],"Product":[],"ProductReview":[],"Car":[],"Recipe":[],"Service":[],"SoftwareApplication":[],"WebPage":[]},"graphName":"WebPage","isEnabled":true},"graphs":[]},"schema_type":"default","schema_type_options":null,"pillar_content":false,"robots_default":true,"robots_noindex":false,"robots_noarchive":false,"robots_nosnippet":false,"robots_nofollow":false,"robots_noimageindex":false,"robots_noodp":false,"robots_notranslate":false,"robots_max_snippet":"-1","robots_max_videopreview":"-1","robots_max_imagepreview":"large","priority":null,"frequency":"default","local_seo":null,"breadcrumb_settings":null,"limit_modified_date":false,"ai":{"faqs":[],"keyPoints":[],"schemas":[],"titles":[],"descriptions":[],"socialPosts":{"email":[],"linkedin":[],"twitter":[],"facebook":[],"instagram":[]}},"created":"2024-05-02 16:02:33","updated":"2026-08-17 11:12:03","seo_analyzer_scan_date":null,"focus_keyword":null,"additional_keywords":null,"truseo_locale":null},"aioseo_breadcrumb":"<div class=\"aioseo-breadcrumbs\"><span class=\"aioseo-breadcrumb\">\n\t\t\t<a href=\"https:\/\/www.ville-blanzat.fr\" title=\"Home\">Home<\/a>\n\t\t<\/span><span class=\"aioseo-breadcrumb-separator\">&raquo;<\/span><span class=\"aioseo-breadcrumb\">\n\t\t\tHISTOIRE\n\t\t<\/span><\/div>","aioseo_breadcrumb_json":[{"label":"Home","link":"https:\/\/www.ville-blanzat.fr"},{"label":"HISTOIRE","link":"https:\/\/www.ville-blanzat.fr\/index.php\/histoire\/"}],"_links":{"self":[{"href":"https:\/\/www.ville-blanzat.fr\/index.php\/wp-json\/wp\/v2\/pages\/280","targetHints":{"allow":["GET"]}}],"collection":[{"href":"https:\/\/www.ville-blanzat.fr\/index.php\/wp-json\/wp\/v2\/pages"}],"about":[{"href":"https:\/\/www.ville-blanzat.fr\/index.php\/wp-json\/wp\/v2\/types\/page"}],"author":[{"embeddable":true,"href":"https:\/\/www.ville-blanzat.fr\/index.php\/wp-json\/wp\/v2\/users\/1"}],"replies":[{"embeddable":true,"href":"https:\/\/www.ville-blanzat.fr\/index.php\/wp-json\/wp\/v2\/comments?post=280"}],"version-history":[{"count":45,"href":"https:\/\/www.ville-blanzat.fr\/index.php\/wp-json\/wp\/v2\/pages\/280\/revisions"}],"predecessor-version":[{"id":10852,"href":"https:\/\/www.ville-blanzat.fr\/index.php\/wp-json\/wp\/v2\/pages\/280\/revisions\/10852"}],"wp:featuredmedia":[{"embeddable":true,"href":"https:\/\/www.ville-blanzat.fr\/index.php\/wp-json\/wp\/v2\/media\/662"}],"wp:attachment":[{"href":"https:\/\/www.ville-blanzat.fr\/index.php\/wp-json\/wp\/v2\/media?parent=280"}],"curies":[{"name":"wp","href":"https:\/\/api.w.org\/{rel}","templated":true}]}}