{"id":609,"date":"2017-04-27T08:40:32","date_gmt":"2017-04-27T06:40:32","guid":{"rendered":"http:\/\/ww2.ville-blanzat.fr\/?page_id=609"},"modified":"2024-04-29T16:39:10","modified_gmt":"2024-04-29T14:39:10","slug":"inscription-sur-les-listes-electorales","status":"publish","type":"page","link":"https:\/\/www.ville-blanzat.fr\/index.php\/inscription-sur-les-listes-electorales\/","title":{"rendered":"INSCRIPTION SUR LES LISTES ELECTORALES"},"content":{"rendered":"\n<p class=\"has-text-align-center animated fadeIn\">Tous les Fran\u00e7ais et Fran\u00e7aises majeurs jouissant de leurs droits civils et politiques et qui ne sont pas d\u00e9j\u00e0 inscrits sur une liste \u00e9lectorale ou qui ont chang\u00e9 de commune de r\u00e9sidence peuvent solliciter leur inscription \u00e0 tout moment de l&rsquo;ann\u00e9e !<\/p>\n\n\n\n<p>L&rsquo;inscription n&rsquo;est pas seulement un devoir civique, elle r\u00e9sulte d&rsquo;une obligation l\u00e9gale.<\/p>\n\n\n\n<p>Les inscriptions sur les listes \u00e9lectorales sont re\u00e7ues en mairie et peuvent se faire \u00e9galement en ligne sur le site <a href=\"https:\/\/www.service-public.fr\/\">www.service-public.fr.<\/a><\/p>\n\n\n\n<p>Les jeunes qui ont \u00e9t\u00e9 recens\u00e9s \u00e0 16 ans \u00e0 Blanzat et qui auront 18 ans en 2024 sont automatiquement inscrits sur la liste \u00e9lectorale.<\/p>\n\n\n\n<h2 class=\"wp-block-heading animated backInLeft\">Documents \u00e0 l&rsquo;appui d&rsquo;une demande d&rsquo;inscription<\/h2>\n\n\n\n<ul class=\"wp-block-list\">\n<li>Un titre permettant aux ressortissants fran\u00e7ais de justifier de leur nationalit\u00e9 et de leur identit\u00e9 :<\/li>\n\n\n\n<li>Une carte d&rsquo;identit\u00e9 ou passeport valide (\u00e0 d\u00e9faut fournir un acte de naissance de moins de 3 mois, ou un certificat de nationalit\u00e9 ou d\u00e9cret de naturalisation.<\/li>\n\n\n\n<li>Un justificatif de domicile de moins de 3 mois (avis d&rsquo;imposition, factures d&rsquo;\u00e9lectricit\u00e9, de gaz, loyer, t\u00e9l\u00e9phone&#8230;)<\/li>\n<\/ul>\n","protected":false},"excerpt":{"rendered":"<p>Tous les Fran\u00e7ais et Fran\u00e7aises majeurs jouissant de leurs droits civils et politiques et qui ne sont pas d\u00e9j\u00e0 inscrits sur une liste \u00e9lectorale ou qui ont chang\u00e9 de commune de r\u00e9sidence peuvent solliciter leur inscription \u00e0 tout moment de l&rsquo;ann\u00e9e ! L&rsquo;inscription n&rsquo;est pas seulement un devoir civique, elle &hellip;<\/p>\n","protected":false},"author":1,"featured_media":617,"parent":0,"menu_order":0,"comment_status":"closed","ping_status":"closed","template":"","meta":{"footnotes":""},"class_list":["post-609","page","type-page","status-publish","has-post-thumbnail","hentry"],"aioseo_notices":[],"aioseo_head":"\n\t\t<!-- All in One SEO 5.0.0.1 - aioseo.com -->\n\t<meta name=\"description\" content=\"Tous les Fran\u00e7ais et Fran\u00e7aises majeurs jouissant de leurs droits civils et politiques et qui ne sont pas d\u00e9j\u00e0 inscrits sur une liste \u00e9lectorale ou qui ont chang\u00e9 de commune de r\u00e9sidence peuvent solliciter leur inscription \u00e0 tout moment de l&#039;ann\u00e9e ! L&#039;inscription n&#039;est pas seulement un devoir civique, elle r\u00e9sulte d&#039;une obligation l\u00e9gale. Les\" \/>\n\t<meta name=\"robots\" content=\"max-image-preview:large\" \/>\n\t<link rel=\"canonical\" href=\"https:\/\/www.ville-blanzat.fr\/index.php\/inscription-sur-les-listes-electorales\/\" \/>\n\t<meta name=\"generator\" content=\"All in One SEO (AIOSEO) 5.0.0.1\" \/>\n\t\t<meta property=\"og:locale\" content=\"fr_FR\" \/>\n\t\t<meta property=\"og:site_name\" content=\"-\" \/>\n\t\t<meta property=\"og:type\" content=\"article\" \/>\n\t\t<meta property=\"og:title\" content=\"INSCRIPTION SUR LES LISTES ELECTORALES -\" \/>\n\t\t<meta property=\"og:description\" content=\"Tous les Fran\u00e7ais et Fran\u00e7aises majeurs jouissant de leurs droits civils et politiques et qui ne sont pas d\u00e9j\u00e0 inscrits sur une liste \u00e9lectorale ou qui ont chang\u00e9 de commune de r\u00e9sidence peuvent solliciter leur inscription \u00e0 tout moment de l&#039;ann\u00e9e ! L&#039;inscription n&#039;est pas seulement un devoir civique, elle r\u00e9sulte d&#039;une obligation l\u00e9gale. Les\" \/>\n\t\t<meta property=\"og:url\" content=\"https:\/\/www.ville-blanzat.fr\/index.php\/inscription-sur-les-listes-electorales\/\" \/>\n\t\t<meta property=\"og:image\" content=\"https:\/\/www.ville-blanzat.fr\/wp-content\/uploads\/2024\/04\/cropped-blanzat_long_gauche.jpg\" \/>\n\t\t<meta property=\"og:image:secure_url\" content=\"https:\/\/www.ville-blanzat.fr\/wp-content\/uploads\/2024\/04\/cropped-blanzat_long_gauche.jpg\" \/>\n\t\t<meta property=\"og:image:width\" content=\"800\" \/>\n\t\t<meta property=\"og:image:height\" content=\"226\" \/>\n\t\t<meta property=\"article:published_time\" content=\"2017-04-27T06:40:32+00:00\" \/>\n\t\t<meta property=\"article:modified_time\" content=\"2024-04-29T14:39:10+00:00\" \/>\n\t\t<meta name=\"twitter:card\" content=\"summary_large_image\" \/>\n\t\t<meta name=\"twitter:title\" content=\"INSCRIPTION SUR LES LISTES ELECTORALES -\" \/>\n\t\t<meta name=\"twitter:description\" content=\"Tous les Fran\u00e7ais et Fran\u00e7aises majeurs jouissant de leurs droits civils et politiques et qui ne sont pas d\u00e9j\u00e0 inscrits sur une liste \u00e9lectorale ou qui ont chang\u00e9 de commune de r\u00e9sidence peuvent solliciter leur inscription \u00e0 tout moment de l&#039;ann\u00e9e ! L&#039;inscription n&#039;est pas seulement un devoir civique, elle r\u00e9sulte d&#039;une obligation l\u00e9gale. Les\" \/>\n\t\t<meta name=\"twitter:image\" content=\"https:\/\/www.ville-blanzat.fr\/wp-content\/uploads\/2024\/04\/cropped-blanzat_long_gauche.jpg\" \/>\n\t\t<script type=\"application\/ld+json\" class=\"aioseo-schema\">\n\t\t\t{\"@context\":\"https:\\\/\\\/schema.org\",\"@graph\":[{\"@type\":\"BreadcrumbList\",\"@id\":\"https:\\\/\\\/www.ville-blanzat.fr\\\/index.php\\\/inscription-sur-les-listes-electorales\\\/#breadcrumblist\",\"itemListElement\":[{\"@type\":\"ListItem\",\"@id\":\"https:\\\/\\\/www.ville-blanzat.fr#listItem\",\"position\":1,\"name\":\"Home\",\"item\":\"https:\\\/\\\/www.ville-blanzat.fr\",\"nextItem\":{\"@type\":\"ListItem\",\"@id\":\"https:\\\/\\\/www.ville-blanzat.fr\\\/index.php\\\/inscription-sur-les-listes-electorales\\\/#listItem\",\"name\":\"INSCRIPTION SUR LES LISTES ELECTORALES\"}},{\"@type\":\"ListItem\",\"@id\":\"https:\\\/\\\/www.ville-blanzat.fr\\\/index.php\\\/inscription-sur-les-listes-electorales\\\/#listItem\",\"position\":2,\"name\":\"INSCRIPTION SUR LES LISTES ELECTORALES\",\"previousItem\":{\"@type\":\"ListItem\",\"@id\":\"https:\\\/\\\/www.ville-blanzat.fr#listItem\",\"name\":\"Home\"}}]},{\"@type\":\"Organization\",\"@id\":\"https:\\\/\\\/www.ville-blanzat.fr\\\/#organization\",\"url\":\"https:\\\/\\\/www.ville-blanzat.fr\\\/\",\"logo\":{\"@type\":\"ImageObject\",\"url\":\"https:\\\/\\\/www.ville-blanzat.fr\\\/wp-content\\\/uploads\\\/2024\\\/04\\\/cropped-blanzat_long_gauche.jpg\",\"@id\":\"https:\\\/\\\/www.ville-blanzat.fr\\\/index.php\\\/inscription-sur-les-listes-electorales\\\/#organizationLogo\",\"width\":800,\"height\":226},\"image\":{\"@id\":\"https:\\\/\\\/www.ville-blanzat.fr\\\/index.php\\\/inscription-sur-les-listes-electorales\\\/#organizationLogo\"}},{\"@type\":\"WebPage\",\"@id\":\"https:\\\/\\\/www.ville-blanzat.fr\\\/index.php\\\/inscription-sur-les-listes-electorales\\\/#webpage\",\"url\":\"https:\\\/\\\/www.ville-blanzat.fr\\\/index.php\\\/inscription-sur-les-listes-electorales\\\/\",\"name\":\"INSCRIPTION SUR LES LISTES ELECTORALES -\",\"description\":\"Tous les Fran\\u00e7ais et Fran\\u00e7aises majeurs jouissant de leurs droits civils et politiques et qui ne sont pas d\\u00e9j\\u00e0 inscrits sur une liste \\u00e9lectorale ou qui ont chang\\u00e9 de commune de r\\u00e9sidence peuvent solliciter leur inscription \\u00e0 tout moment de l'ann\\u00e9e ! L'inscription n'est pas seulement un devoir civique, elle r\\u00e9sulte d'une obligation l\\u00e9gale. Les\",\"inLanguage\":\"fr-FR\",\"isPartOf\":{\"@id\":\"https:\\\/\\\/www.ville-blanzat.fr\\\/#website\"},\"breadcrumb\":{\"@id\":\"https:\\\/\\\/www.ville-blanzat.fr\\\/index.php\\\/inscription-sur-les-listes-electorales\\\/#breadcrumblist\"},\"image\":{\"@type\":\"ImageObject\",\"url\":\"https:\\\/\\\/www.ville-blanzat.fr\\\/wp-content\\\/uploads\\\/2017\\\/04\\\/carteElectorale.jpg\",\"@id\":\"https:\\\/\\\/www.ville-blanzat.fr\\\/index.php\\\/inscription-sur-les-listes-electorales\\\/#mainImage\",\"width\":3456,\"height\":1945},\"primaryImageOfPage\":{\"@id\":\"https:\\\/\\\/www.ville-blanzat.fr\\\/index.php\\\/inscription-sur-les-listes-electorales\\\/#mainImage\"},\"datePublished\":\"2017-04-27T08:40:32+02:00\",\"dateModified\":\"2024-04-29T16:39:10+02:00\"},{\"@type\":\"WebSite\",\"@id\":\"https:\\\/\\\/www.ville-blanzat.fr\\\/#website\",\"url\":\"https:\\\/\\\/www.ville-blanzat.fr\\\/\",\"inLanguage\":\"fr-FR\",\"publisher\":{\"@id\":\"https:\\\/\\\/www.ville-blanzat.fr\\\/#organization\"}}]}\n\t\t<\/script>\n\t\t<!-- All in One SEO -->\n\n","aioseo_head_json":{"title":"INSCRIPTION SUR LES LISTES ELECTORALES -","description":"Tous les Fran\u00e7ais et Fran\u00e7aises majeurs jouissant de leurs droits civils et politiques et qui ne sont pas d\u00e9j\u00e0 inscrits sur une liste \u00e9lectorale ou qui ont chang\u00e9 de commune de r\u00e9sidence peuvent solliciter leur inscription \u00e0 tout moment de l'ann\u00e9e ! L'inscription n'est pas seulement un devoir civique, elle r\u00e9sulte d'une obligation l\u00e9gale. Les","canonical_url":"https:\/\/www.ville-blanzat.fr\/index.php\/inscription-sur-les-listes-electorales\/","robots":"max-image-preview:large","keywords":"","webmasterTools":{"miscellaneous":""},"schema":{"@context":"https:\/\/schema.org","@graph":[{"@type":"BreadcrumbList","@id":"https:\/\/www.ville-blanzat.fr\/index.php\/inscription-sur-les-listes-electorales\/#breadcrumblist","itemListElement":[{"@type":"ListItem","@id":"https:\/\/www.ville-blanzat.fr#listItem","position":1,"name":"Home","item":"https:\/\/www.ville-blanzat.fr","nextItem":{"@type":"ListItem","@id":"https:\/\/www.ville-blanzat.fr\/index.php\/inscription-sur-les-listes-electorales\/#listItem","name":"INSCRIPTION SUR LES LISTES ELECTORALES"}},{"@type":"ListItem","@id":"https:\/\/www.ville-blanzat.fr\/index.php\/inscription-sur-les-listes-electorales\/#listItem","position":2,"name":"INSCRIPTION SUR LES LISTES ELECTORALES","previousItem":{"@type":"ListItem","@id":"https:\/\/www.ville-blanzat.fr#listItem","name":"Home"}}]},{"@type":"Organization","@id":"https:\/\/www.ville-blanzat.fr\/#organization","url":"https:\/\/www.ville-blanzat.fr\/","logo":{"@type":"ImageObject","url":"https:\/\/www.ville-blanzat.fr\/wp-content\/uploads\/2024\/04\/cropped-blanzat_long_gauche.jpg","@id":"https:\/\/www.ville-blanzat.fr\/index.php\/inscription-sur-les-listes-electorales\/#organizationLogo","width":800,"height":226},"image":{"@id":"https:\/\/www.ville-blanzat.fr\/index.php\/inscription-sur-les-listes-electorales\/#organizationLogo"}},{"@type":"WebPage","@id":"https:\/\/www.ville-blanzat.fr\/index.php\/inscription-sur-les-listes-electorales\/#webpage","url":"https:\/\/www.ville-blanzat.fr\/index.php\/inscription-sur-les-listes-electorales\/","name":"INSCRIPTION SUR LES LISTES ELECTORALES -","description":"Tous les Fran\u00e7ais et Fran\u00e7aises majeurs jouissant de leurs droits civils et politiques et qui ne sont pas d\u00e9j\u00e0 inscrits sur une liste \u00e9lectorale ou qui ont chang\u00e9 de commune de r\u00e9sidence peuvent solliciter leur inscription \u00e0 tout moment de l'ann\u00e9e ! L'inscription n'est pas seulement un devoir civique, elle r\u00e9sulte d'une obligation l\u00e9gale. Les","inLanguage":"fr-FR","isPartOf":{"@id":"https:\/\/www.ville-blanzat.fr\/#website"},"breadcrumb":{"@id":"https:\/\/www.ville-blanzat.fr\/index.php\/inscription-sur-les-listes-electorales\/#breadcrumblist"},"image":{"@type":"ImageObject","url":"https:\/\/www.ville-blanzat.fr\/wp-content\/uploads\/2017\/04\/carteElectorale.jpg","@id":"https:\/\/www.ville-blanzat.fr\/index.php\/inscription-sur-les-listes-electorales\/#mainImage","width":3456,"height":1945},"primaryImageOfPage":{"@id":"https:\/\/www.ville-blanzat.fr\/index.php\/inscription-sur-les-listes-electorales\/#mainImage"},"datePublished":"2017-04-27T08:40:32+02:00","dateModified":"2024-04-29T16:39:10+02:00"},{"@type":"WebSite","@id":"https:\/\/www.ville-blanzat.fr\/#website","url":"https:\/\/www.ville-blanzat.fr\/","inLanguage":"fr-FR","publisher":{"@id":"https:\/\/www.ville-blanzat.fr\/#organization"}}]},"og:locale":"fr_FR","og:site_name":"-","og:type":"article","og:title":"INSCRIPTION SUR LES LISTES ELECTORALES -","og:description":"Tous les Fran\u00e7ais et Fran\u00e7aises majeurs jouissant de leurs droits civils et politiques et qui ne sont pas d\u00e9j\u00e0 inscrits sur une liste \u00e9lectorale ou qui ont chang\u00e9 de commune de r\u00e9sidence peuvent solliciter leur inscription \u00e0 tout moment de l'ann\u00e9e ! L'inscription n'est pas seulement un devoir civique, elle r\u00e9sulte d'une obligation l\u00e9gale. Les","og:url":"https:\/\/www.ville-blanzat.fr\/index.php\/inscription-sur-les-listes-electorales\/","og:image":"https:\/\/www.ville-blanzat.fr\/wp-content\/uploads\/2024\/04\/cropped-blanzat_long_gauche.jpg","og:image:secure_url":"https:\/\/www.ville-blanzat.fr\/wp-content\/uploads\/2024\/04\/cropped-blanzat_long_gauche.jpg","og:image:width":800,"og:image:height":226,"article:published_time":"2017-04-27T06:40:32+00:00","article:modified_time":"2024-04-29T14:39:10+00:00","twitter:card":"summary_large_image","twitter:title":"INSCRIPTION SUR LES LISTES ELECTORALES -","twitter:description":"Tous les Fran\u00e7ais et Fran\u00e7aises majeurs jouissant de leurs droits civils et politiques et qui ne sont pas d\u00e9j\u00e0 inscrits sur une liste \u00e9lectorale ou qui ont chang\u00e9 de commune de r\u00e9sidence peuvent solliciter leur inscription \u00e0 tout moment de l'ann\u00e9e ! L'inscription n'est pas seulement un devoir civique, elle r\u00e9sulte d'une obligation l\u00e9gale. Les","twitter:image":"https:\/\/www.ville-blanzat.fr\/wp-content\/uploads\/2024\/04\/cropped-blanzat_long_gauche.jpg"},"aioseo_meta_data":{"post_id":"609","title":null,"description":null,"keywords":null,"keyphrases":null,"primary_term":null,"canonical_url":null,"og_title":null,"og_description":null,"og_object_type":"default","og_image_type":"default","og_image_url":null,"og_image_width":null,"og_image_height":null,"og_image_custom_url":null,"og_image_custom_fields":null,"og_video":null,"og_custom_url":null,"og_article_section":null,"og_article_tags":null,"twitter_use_og":false,"twitter_card":"default","twitter_image_type":"default","twitter_image_url":null,"twitter_image_custom_url":null,"twitter_image_custom_fields":null,"twitter_title":null,"twitter_description":null,"schema":{"blockGraphs":[],"customGraphs":[],"default":{"data":{"Article":[],"Course":[],"Dataset":[],"FAQPage":[],"Movie":[],"Person":[],"Product":[],"ProductReview":[],"Car":[],"Recipe":[],"Service":[],"SoftwareApplication":[],"WebPage":[]},"graphName":"","isEnabled":true},"graphs":[]},"schema_type":"default","schema_type_options":null,"pillar_content":false,"robots_default":true,"robots_noindex":false,"robots_noarchive":false,"robots_nosnippet":false,"robots_nofollow":false,"robots_noimageindex":false,"robots_noodp":false,"robots_notranslate":false,"robots_max_snippet":null,"robots_max_videopreview":null,"robots_max_imagepreview":"large","priority":null,"frequency":null,"local_seo":null,"breadcrumb_settings":null,"limit_modified_date":false,"ai":null,"created":"2024-05-02 16:06:53","updated":"2024-05-02 16:06:53","seo_analyzer_scan_date":null,"focus_keyword":null,"additional_keywords":null,"truseo_locale":null},"aioseo_breadcrumb":"<div class=\"aioseo-breadcrumbs\"><span class=\"aioseo-breadcrumb\">\n\t\t\t<a href=\"https:\/\/www.ville-blanzat.fr\" title=\"Home\">Home<\/a>\n\t\t<\/span><span class=\"aioseo-breadcrumb-separator\">&raquo;<\/span><span class=\"aioseo-breadcrumb\">\n\t\t\tINSCRIPTION SUR LES LISTES ELECTORALES\n\t\t<\/span><\/div>","aioseo_breadcrumb_json":[{"label":"Home","link":"https:\/\/www.ville-blanzat.fr"},{"label":"INSCRIPTION SUR LES LISTES ELECTORALES","link":"https:\/\/www.ville-blanzat.fr\/index.php\/inscription-sur-les-listes-electorales\/"}],"_links":{"self":[{"href":"https:\/\/www.ville-blanzat.fr\/index.php\/wp-json\/wp\/v2\/pages\/609","targetHints":{"allow":["GET"]}}],"collection":[{"href":"https:\/\/www.ville-blanzat.fr\/index.php\/wp-json\/wp\/v2\/pages"}],"about":[{"href":"https:\/\/www.ville-blanzat.fr\/index.php\/wp-json\/wp\/v2\/types\/page"}],"author":[{"embeddable":true,"href":"https:\/\/www.ville-blanzat.fr\/index.php\/wp-json\/wp\/v2\/users\/1"}],"replies":[{"embeddable":true,"href":"https:\/\/www.ville-blanzat.fr\/index.php\/wp-json\/wp\/v2\/comments?post=609"}],"version-history":[{"count":6,"href":"https:\/\/www.ville-blanzat.fr\/index.php\/wp-json\/wp\/v2\/pages\/609\/revisions"}],"predecessor-version":[{"id":8716,"href":"https:\/\/www.ville-blanzat.fr\/index.php\/wp-json\/wp\/v2\/pages\/609\/revisions\/8716"}],"wp:featuredmedia":[{"embeddable":true,"href":"https:\/\/www.ville-blanzat.fr\/index.php\/wp-json\/wp\/v2\/media\/617"}],"wp:attachment":[{"href":"https:\/\/www.ville-blanzat.fr\/index.php\/wp-json\/wp\/v2\/media?parent=609"}],"curies":[{"name":"wp","href":"https:\/\/api.w.org\/{rel}","templated":true}]}}